{"id":7695,"date":"2026-04-16T12:06:26","date_gmt":"2026-04-16T17:06:26","guid":{"rendered":"https:\/\/bakemark.com\/?page_id=7695"},"modified":"2026-04-20T17:17:47","modified_gmt":"2026-04-20T22:17:47","slug":"journee-nationale-des-beignets-2025-2-2","status":"publish","type":"page","link":"https:\/\/bakemark.com\/fr\/journee-nationale-des-beignets-2025-2-2\/","title":{"rendered":"Journ\u00e9e nationale du beignet 2026 \u00c9v\u00e9nements"},"content":{"rendered":"<div class=\"wpb-content-wrapper\">[vc_row full_width=\u00a0\u00bbstretch_row\u00a0\u00bb css=\u00a0\u00bb.vc_custom_1776373171663{background-image: url(https:\/\/bakemark.com\/wp-content\/uploads\/2026\/04\/Header_Background-scaled.png?id=7716) !important;background-position: center !important;background-repeat: no-repeat !important;background-size: cover !important;}\u00a0\u00bb][vc_column][vc_empty_space height=\u00a0\u00bb50 px\u00a0\u00bb]<style>.vcex-image.vcex_69f281f5cbc72 .vcex-image-inner{max-width:700px;}.vcex-image.vcex_69f281f5cbc72 .vcex-image-img{object-position:center center;}<\/style><figure class=\"vcex-image vcex-module wpex-text-center vcex_69f281f5cbc72\"><div class=\"vcex-image-inner wpex-relative wpex-inline-block vc_custom_1776374182775\"><img loading=\"lazy\" class=\"vcex-image-img wpex-align-middle\" decoding=\"async\" src=\"https:\/\/bakemark.com\/wp-content\/uploads\/2026\/04\/NDD_Events-scaled-1024x441.png\" alt=\"\" srcset=\"https:\/\/bakemark.com\/wp-content\/uploads\/2026\/04\/NDD_Events-scaled-1024x441.png 1024w, https:\/\/bakemark.com\/wp-content\/uploads\/2026\/04\/NDD_Events-300x129.png 300w, https:\/\/bakemark.com\/wp-content\/uploads\/2026\/04\/NDD_Events-768x331.png 768w, https:\/\/bakemark.com\/wp-content\/uploads\/2026\/04\/NDD_Events-1536x661.png 1536w, https:\/\/bakemark.com\/wp-content\/uploads\/2026\/04\/NDD_Events-2048x881.png 2048w\" width=\"1024\" height=\"441\"><\/div><\/figure>[vc_column_text css=\u00a0\u00bb.vc_custom_1776373049308{padding-bottom: 45px !important;}\u00a0\u00bb]\n<h2 style=\"text-align: center;\"><span class=\"wpex-text-4xl\"><strong>Trois \u00e9v\u00e9nements. Un jour. <\/strong><\/span><br \/>\n<span class=\"wpex-text-4xl\"><strong>Rejoignez-nous dans tout le pays le vendredi 5 juin.<\/strong><\/span><\/h2>\n[\/vc_column_text][vc_column_text css=\u00a0\u00bb.vc_custom_1776287997552{padding-bottom: 15px !important;}\u00a0\u00bb]\n<h4 style=\"text-align: center;\">Trouvez votre \u00e9v\u00e9nement :<\/h4>\n[\/vc_column_text]<div class=\"vcex-multi-buttons wpex-flex wpex-flex-wrap wpex-items-center wpex-gap-10 wpex-justify-center\"><a href=\"https:\/\/bakemark.com\/national-donut-day-2026-events\/#san-diego-ca\" class=\"theme-button flat outline-transparent wpex-text-center vcex-count-1\">San Diego, CA<\/a><a href=\"https:\/\/bakemark.com\/national-donut-day-2026-events\/#washington-dc\" class=\"theme-button flat outline-transparent wpex-text-center vcex-count-2\">Washington, DC<\/a><a href=\"https:\/\/bakemark.com\/national-donut-day-2026-events\/#los-angeles-ca\" class=\"theme-button flat outline-transparent wpex-text-center vcex-count-3\">Los Angeles, CA<\/a><\/div>[vc_empty_space height=\u00a0\u00bb50 px\u00a0\u00bb][\/vc_column][\/vc_row][vc_row full_width=\u00a0\u00bbstretch_row\u00a0\u00bb css=\u00a0\u00bb.vc_custom_1776376361840{margin-bottom: 0px !important;background-color: #E5F4FB !important;}\u00a0\u00bb wpex_bg_color=\u00a0\u00bb#e5f4fb\u00a0\u00bb el_id=\u00a0\u00bbsan-diego-ca\u00a0\u00bb][vc_column width=\u00a0\u00bb1\/2&Prime;]<figure class=\"vcex-image vcex-module\"><div class=\"vcex-image-inner wpex-relative wpex-inline-block vc_custom_1776289296886\"><img width=\"1084\" height=\"856\" src=\"https:\/\/bakemark.com\/wp-content\/uploads\/2026\/04\/SanDiego.png\" class=\"vcex-image-img wpex-align-middle\" alt=\"\" loading=\"lazy\" decoding=\"async\" srcset=\"https:\/\/bakemark.com\/wp-content\/uploads\/2026\/04\/SanDiego.png 1084w, https:\/\/bakemark.com\/wp-content\/uploads\/2026\/04\/SanDiego-300x237.png 300w, https:\/\/bakemark.com\/wp-content\/uploads\/2026\/04\/SanDiego-1024x809.png 1024w, https:\/\/bakemark.com\/wp-content\/uploads\/2026\/04\/SanDiego-768x606.png 768w\" sizes=\"auto, (max-width: 1084px) 100vw, 1084px\" \/><\/div><\/figure>[\/vc_column][vc_column width=\u00a0\u00bb1\/2&Prime;]<div class=\"vcex-spacing wpex-w-100 wpex-clear\" style=\"height:100px;\"><\/div><style>.vcex-heading.vcex_69f281f5cd3b2{color:#982126;font-weight:700;}<\/style><h1 class=\"vcex-heading vcex-heading-plain vcex-module wpex-h2 san-diego-ca vcex_69f281f5cd3b2\"><span class=\"vcex-heading-inner wpex-inline-block\">San Diego, CA :<br \/>\nNational Donut Day Festival<\/span><\/h1>[vc_column_text css=\u00a0\u00bb.vc_custom_1776289316831{padding-bottom: 15px !important;}\u00a0\u00bb]C\u00e9l\u00e9brez la Journ\u00e9e nationale du donut sur l&rsquo;un des sites les plus embl\u00e9matiques de San Diego. Rejoignez-nous sur le front de mer, au mus\u00e9e USS Midway, pour un festival de d\u00e9gustation de beignets et de festivit\u00e9s dans un cadre unique. Venez pour les beignets, restez pour l&rsquo;exp\u00e9rience.[\/vc_column_text][vc_column_text css=\u00a0\u00bb.vc_custom_1776358084396{padding-bottom: 15px !important;}\u00a0\u00bb]<em>Comprend l&rsquo;entr\u00e9e gratuite pour la visite du Midway<\/em>[\/vc_column_text][vc_row_inner][vc_column_inner width=\u00a0\u00bb1\/3&Prime;][vc_column_text css=\u00a0\u00bb\u00a0\u00bb]\n<h4 style=\"text-align: right;\">QUAND<\/h4>\n<h4 style=\"text-align: right;\">O\u00d9<\/h4>\n[\/vc_column_text][\/vc_column_inner][vc_column_inner width=\u00a0\u00bb2\/3&Prime;][vc_column_text css=\u00a0\u00bb\u00a0\u00bb]5 juin, 12h-14h<\/p>\n<p>Mus\u00e9e USS Midway[\/vc_column_text][\/vc_column_inner][\/vc_row_inner][\/vc_column][vc_column][\/vc_column][\/vc_row][vc_row css=\u00a0\u00bb.vc_custom_1776376439877{padding-top: 0px !important;}\u00a0\u00bb el_id=\u00a0\u00bbwashington-dc\u00a0\u00bb][vc_column width=\u00a0\u00bb1\/2&Prime;]<div class=\"vcex-spacing wpex-w-100 wpex-clear\" style=\"height:100px;\"><\/div><style>.vcex-heading.vcex_69f281f5cd7f6{color:#982126;font-weight:700;}<\/style><h2 class=\"vcex-heading vcex-heading-plain vcex-module wpex-h2 washington-dc vcex_69f281f5cd7f6\"><span class=\"vcex-heading-inner wpex-inline-block\">Washington, DC :<br \/>\nConcours de d\u00e9gustation de beignets<\/span><\/h2>[vc_column_text css=\u00a0\u00bb.vc_custom_1776357612679{margin-bottom: 25px !important;}\u00a0\u00bb]Observez des mangeurs comp\u00e9titifs se mesurer l&rsquo;un \u00e0 l&rsquo;autre dans l&rsquo;un des lieux les plus embl\u00e9matiques de Washington. C&rsquo;est une exp\u00e9rience pleine d&rsquo;\u00e9nergie en plein c\u0153ur de la ville &#8211; soyez l\u00e0 pour profiter de l&rsquo;action.[\/vc_column_text][vc_row_inner][vc_column_inner width=\u00a0\u00bb1\/3&Prime;][vc_column_text css=\u00a0\u00bb\u00a0\u00bb]\n<h4 style=\"text-align: right;\">QUAND<\/h4>\n<h4 style=\"text-align: right;\">O\u00d9<\/h4>\n[\/vc_column_text][\/vc_column_inner][vc_column_inner width=\u00a0\u00bb2\/3&Prime;][vc_column_text css=\u00a0\u00bb\u00a0\u00bb]5 juin, 11h00<\/p>\n<p>Freedom Plaza, devant le M\u00e9morial national de la Premi\u00e8re Guerre mondiale[\/vc_column_text][\/vc_column_inner][\/vc_row_inner][\/vc_column][vc_column width=\u00a0\u00bb1\/2&Prime; css=\u00a0\u00bb.vc_custom_1776357703126{border-top-width: px !important;padding-top: 25px !important;}\u00a0\u00bb]<figure class=\"vcex-image vcex-module\"><div class=\"vcex-image-inner wpex-relative wpex-inline-block\"><img width=\"1036\" height=\"818\" src=\"https:\/\/bakemark.com\/wp-content\/uploads\/2026\/04\/WashingtonDC.png\" class=\"vcex-image-img wpex-align-middle\" alt=\"\" loading=\"lazy\" decoding=\"async\" srcset=\"https:\/\/bakemark.com\/wp-content\/uploads\/2026\/04\/WashingtonDC.png 1036w, https:\/\/bakemark.com\/wp-content\/uploads\/2026\/04\/WashingtonDC-300x237.png 300w, https:\/\/bakemark.com\/wp-content\/uploads\/2026\/04\/WashingtonDC-1024x809.png 1024w, https:\/\/bakemark.com\/wp-content\/uploads\/2026\/04\/WashingtonDC-768x606.png 768w\" sizes=\"auto, (max-width: 1036px) 100vw, 1036px\" \/><\/div><\/figure>[\/vc_column][\/vc_row][vc_row full_width=\u00a0\u00bbstretch_row\u00a0\u00bb css=\u00a0\u00bb.vc_custom_1776376449309{margin-bottom: 25px !important;background-color: #E5F4FB !important;}\u00a0\u00bb wpex_bg_color=\u00a0\u00bb#e5f4fb\u00a0\u00bb el_id=\u00a0\u00bblos-angeles-ca\u00a0\u00bb][vc_column width=\u00a0\u00bb1\/2&Prime;]<div class=\"vcex-spacing wpex-w-100 wpex-clear\" style=\"height:100px;\"><\/div><figure class=\"vcex-image vcex-module\"><div class=\"vcex-image-inner wpex-relative wpex-inline-block vc_custom_1776723447038\"><img width=\"1036\" height=\"818\" src=\"https:\/\/bakemark.com\/wp-content\/uploads\/2026\/04\/LosAngeles.png\" class=\"vcex-image-img wpex-align-middle\" alt=\"\" loading=\"lazy\" decoding=\"async\" srcset=\"https:\/\/bakemark.com\/wp-content\/uploads\/2026\/04\/LosAngeles.png 1036w, https:\/\/bakemark.com\/wp-content\/uploads\/2026\/04\/LosAngeles-300x237.png 300w, https:\/\/bakemark.com\/wp-content\/uploads\/2026\/04\/LosAngeles-1024x809.png 1024w, https:\/\/bakemark.com\/wp-content\/uploads\/2026\/04\/LosAngeles-768x606.png 768w\" sizes=\"auto, (max-width: 1036px) 100vw, 1036px\" \/><\/div><\/figure>[\/vc_column][vc_column width=\u00a0\u00bb1\/2&Prime;]<div class=\"vcex-spacing wpex-w-100 wpex-clear\" style=\"height:100px;\"><\/div><style>.vcex-heading.vcex_69f281f5cebd7{color:#982126;font-weight:700;}<\/style><h3 class=\"vcex-heading vcex-heading-plain vcex-module wpex-h2 los-angeles-ca vcex_69f281f5cebd7\"><span class=\"vcex-heading-inner wpex-inline-block\">Los Angeles, CA :<br \/>\nDonut of Gratitude Tour<\/span><\/h3>[vc_column_text css=\u00a0\u00bb.vc_custom_1776375567098{padding-bottom: 15px !important;}\u00a0\u00bb]Un petit geste peut signifier beaucoup. Rejoignez-nous pour rendre visite aux v\u00e9t\u00e9rans et aux premiers intervenants dans les comt\u00e9s de Los Angeles et d&rsquo;Orange, en partageant des beignets comme un simple moyen de dire merci. Participez \u00e0 un moment d&rsquo;appr\u00e9ciation qui compte.[\/vc_column_text][vc_row_inner][vc_column_inner width=\u00a0\u00bb1\/3&Prime;][vc_column_text css=\u00a0\u00bb\u00a0\u00bb]\n<h4 style=\"text-align: right;\">QUAND<\/h4>\n<h4 style=\"text-align: right;\">O\u00d9<\/h4>\n[\/vc_column_text][\/vc_column_inner][vc_column_inner width=\u00a0\u00bb2\/3&Prime;][vc_column_text css=\u00a0\u00bb\u00a0\u00bb]Le 5 juin, \u00e0 partir de 9h00<\/p>\n<p>Long Beach Veterans Hospital, en passant par les casernes de pompiers et de police des comt\u00e9s de Los Angeles et d&rsquo;Orange, et les centres de v\u00e9t\u00e9rans de l&rsquo;Arm\u00e9e du Salut.[\/vc_column_text][\/vc_column_inner][\/vc_row_inner][\/vc_column][\/vc_row][vc_row css=\u00a0\u00bb.vc_custom_1774984682336{padding-bottom: 15px !important;}\u00a0\u00bb][vc_column width=\u00a0\u00bb1\/2&Prime;]<div class=\"vcex-spacing wpex-w-100 wpex-clear\" style=\"height:75px;\"><\/div><style>.vcex-heading.vcex_69f281f5cf01c{color:#982126;font-weight:700;}<\/style><div class=\"vcex-heading vcex-heading-plain vcex-module wpex-h2 vcex_69f281f5cf01c\"><span class=\"vcex-heading-inner wpex-inline-block\">Qu&apos;est-ce que la journ\u00e9e nationale des beignets ?<\/span><\/div>[vc_column_text css=\u00a0\u00bb\u00a0\u00bb]La Journ\u00e9e nationale des beignets rend hommage aux membres de l&rsquo;Arm\u00e9e du salut qui servaient des beignets aux soldats pendant la Premi\u00e8re Guerre mondiale. Cet h\u00e9ritage de compassion se perp\u00e9tue aujourd&rsquo;hui, alors que nous c\u00e9l\u00e9brons la g\u00e9n\u00e9rosit\u00e9 et invitons tout le monde \u00e0 partager des messages significatifs.[\/vc_column_text]<div class=\"vcex-spacing wpex-w-100 wpex-clear\" style=\"height:30px;\"><\/div><a href=\"https:\/\/www.salvationarmyusa.org\/usa-central-territory\/salvation-army-donut-day\/\" class=\"vcex-button theme-button inline\" target=\"_blank\" rel=\"noopener noreferrer\"><span class=\"vcex-button-inner theme-button-inner wpex-flex wpex-flex-wrap wpex-items-center wpex-justify-center\">Voir plus de d\u00e9tails et d&rsquo;histoire<\/span><\/a> [\/vc_column][vc_column width=\u00a0\u00bb1\/2&Prime;]<figure class=\"vcex-image vcex-module\"><div class=\"vcex-image-inner wpex-relative wpex-inline-block\"><img width=\"840\" height=\"630\" src=\"https:\/\/bakemark.com\/wp-content\/uploads\/2026\/04\/SalvationArmy_Image.png\" class=\"vcex-image-img wpex-align-middle\" alt=\"\" loading=\"lazy\" decoding=\"async\" srcset=\"https:\/\/bakemark.com\/wp-content\/uploads\/2026\/04\/SalvationArmy_Image.png 840w, https:\/\/bakemark.com\/wp-content\/uploads\/2026\/04\/SalvationArmy_Image-300x225.png 300w, https:\/\/bakemark.com\/wp-content\/uploads\/2026\/04\/SalvationArmy_Image-768x576.png 768w\" sizes=\"auto, (max-width: 840px) 100vw, 840px\" \/><\/div><\/figure>[\/vc_column][\/vc_row][vc_row][vc_column][vc_empty_space][\/vc_column][\/vc_row][vc_row][vc_column width=\u00a0\u00bb1\/4&Prime;][vc_empty_space][\/vc_column][vc_column width=\u00a0\u00bb1\/2&Prime;]<figure class=\"vcex-image vcex-module\"><div class=\"vcex-image-inner wpex-relative wpex-inline-block\"><img width=\"9999\" height=\"88\" src=\"https:\/\/bakemark.com\/wp-content\/uploads\/2024\/07\/bakemark-logo-red.svg\" class=\"vcex-image-img wpex-align-middle\" alt=\"\" loading=\"lazy\" decoding=\"async\" \/><\/div><\/figure>[\/vc_column][vc_column width=\u00a0\u00bb1\/4&Prime;][vc_empty_space][\/vc_column][\/vc_row]\n<\/div>","protected":false},"excerpt":{"rendered":"<p>[vc_row full_width=\u00a0\u00bbstretch_row\u00a0\u00bb css=\u00a0\u00bb.vc_custom_1776373171663{background-image: url(https:\/\/bakemark.com\/wp-content\/uploads\/2026\/04\/Header_Background-scaled.png?id=7716) !important;background-position: center !important;background-repeat: no-repeat !important;background-size: cover !important;}\u00a0\u00bb][vc_column][vc_empty_space height=\u00a0\u00bb50 px\u00a0\u00bb][vc_column_text css=\u00a0\u00bb.vc_custom_1776373049308{padding-bottom: 45px !important;}\u00a0\u00bb] Trois \u00e9v\u00e9nements. Un jour. Rejoignez-nous dans tout le pays le vendredi 5 juin. [\/vc_column_text][vc_column_text css=\u00a0\u00bb.vc_custom_1776287997552{padding-bottom: 15px !important;}\u00a0\u00bb] Trouvez votre \u00e9v\u00e9nement : [\/vc_column_text][vc_empty_space height=\u00a0\u00bb50 px\u00a0\u00bb][\/vc_column][\/vc_row][vc_row full_width=\u00a0\u00bbstretch_row\u00a0\u00bb css=\u00a0\u00bb.vc_custom_1776376361840{margin-bottom: 0px !important;background-color: #E5F4FB !important;}\u00a0\u00bb wpex_bg_color=\u00a0\u00bb#e5f4fb\u00a0\u00bb el_id=\u00a0\u00bbsan-diego-ca\u00a0\u00bb][vc_column width=\u00a0\u00bb1\/2&Prime;][\/vc_column][vc_column width=\u00a0\u00bb1\/2&Prime;][vc_column_text css=\u00a0\u00bb.vc_custom_1776289316831{padding-bottom: 15px !important;}\u00a0\u00bb]C\u00e9l\u00e9brez la Journ\u00e9e&hellip;<\/p>\n","protected":false},"author":9,"featured_media":0,"parent":0,"menu_order":0,"comment_status":"closed","ping_status":"closed","template":"","meta":{"_acf_changed":false,"content-type":"","footnotes":""},"class_list":["post-7695","page","type-page","status-publish","hentry","entry","no-media"],"acf":[],"yoast_head":"<!-- This site is optimized with the Yoast SEO plugin v27.4 - https:\/\/yoast.com\/product\/yoast-seo-wordpress\/ -->\n<title>Journ\u00e9e nationale du beignet 2026 \u00c9v\u00e9nements - BakeMark<\/title>\n<meta name=\"robots\" content=\"index, follow, max-snippet:-1, max-image-preview:large, max-video-preview:-1\" \/>\n<link rel=\"canonical\" href=\"https:\/\/bakemark.com\/fr\/journee-nationale-des-beignets-2025-2-2\/\" \/>\n<meta property=\"og:locale\" content=\"fr_FR\" \/>\n<meta property=\"og:type\" content=\"article\" \/>\n<meta property=\"og:title\" content=\"Journ\u00e9e nationale du beignet 2026 \u00c9v\u00e9nements - BakeMark\" \/>\n<meta property=\"og:description\" content=\"[vc_row full_width=\u00a0\u00bbstretch_row\u00a0\u00bb css=\u00a0\u00bb.vc_custom_1776373171663{background-image: url(https:\/\/bakemark.com\/wp-content\/uploads\/2026\/04\/Header_Background-scaled.png?id=7716) !important;background-position: center !important;background-repeat: no-repeat !important;background-size: cover !important;}\u00a0\u00bb][vc_column][vc_empty_space height=\u00a0\u00bb50 px\u00a0\u00bb][vc_column_text css=\u00a0\u00bb.vc_custom_1776373049308{padding-bottom: 45px !important;}\u00a0\u00bb] Trois \u00e9v\u00e9nements. Un jour. Rejoignez-nous dans tout le pays le vendredi 5 juin. [\/vc_column_text][vc_column_text css=\u00a0\u00bb.vc_custom_1776287997552{padding-bottom: 15px !important;}\u00a0\u00bb] Trouvez votre \u00e9v\u00e9nement : [\/vc_column_text][vc_empty_space height=\u00a0\u00bb50 px\u00a0\u00bb][\/vc_column][\/vc_row][vc_row full_width=\u00a0\u00bbstretch_row\u00a0\u00bb css=\u00a0\u00bb.vc_custom_1776376361840{margin-bottom: 0px !important;background-color: #E5F4FB !important;}\u00a0\u00bb wpex_bg_color=\u00a0\u00bb#e5f4fb\u00a0\u00bb el_id=\u00a0\u00bbsan-diego-ca\u00a0\u00bb][vc_column width=\u00a0\u00bb1\/2&Prime;][\/vc_column][vc_column width=\u00a0\u00bb1\/2&Prime;][vc_column_text css=\u00a0\u00bb.vc_custom_1776289316831{padding-bottom: 15px !important;}\u00a0\u00bb]C\u00e9l\u00e9brez la Journ\u00e9e&hellip;\" \/>\n<meta property=\"og:url\" content=\"https:\/\/bakemark.com\/fr\/journee-nationale-des-beignets-2025-2-2\/\" \/>\n<meta property=\"og:site_name\" content=\"BakeMark\" \/>\n<meta property=\"article:modified_time\" content=\"2026-04-20T22:17:47+00:00\" \/>\n<meta name=\"twitter:card\" content=\"summary_large_image\" \/>\n<meta name=\"twitter:label1\" content=\"Est. reading time\" \/>\n\t<meta name=\"twitter:data1\" content=\"5 minutes\" \/>\n<script type=\"application\/ld+json\" class=\"yoast-schema-graph\">{\"@context\":\"https:\\\/\\\/schema.org\",\"@graph\":[{\"@type\":\"WebPage\",\"@id\":\"https:\\\/\\\/bakemark.com\\\/fr\\\/journee-nationale-des-beignets-2025-2-2\\\/\",\"url\":\"https:\\\/\\\/bakemark.com\\\/fr\\\/journee-nationale-des-beignets-2025-2-2\\\/\",\"name\":\"Journ\u00e9e nationale du beignet 2026 \u00c9v\u00e9nements - BakeMark\",\"isPartOf\":{\"@id\":\"https:\\\/\\\/bakemark.com\\\/fr\\\/#website\"},\"datePublished\":\"2026-04-16T17:06:26+00:00\",\"dateModified\":\"2026-04-20T22:17:47+00:00\",\"breadcrumb\":{\"@id\":\"https:\\\/\\\/bakemark.com\\\/fr\\\/journee-nationale-des-beignets-2025-2-2\\\/#breadcrumb\"},\"inLanguage\":\"fr-FR\",\"potentialAction\":[{\"@type\":\"ReadAction\",\"target\":[\"https:\\\/\\\/bakemark.com\\\/fr\\\/journee-nationale-des-beignets-2025-2-2\\\/\"]}]},{\"@type\":\"BreadcrumbList\",\"@id\":\"https:\\\/\\\/bakemark.com\\\/fr\\\/journee-nationale-des-beignets-2025-2-2\\\/#breadcrumb\",\"itemListElement\":[{\"@type\":\"ListItem\",\"position\":1,\"name\":\"Home\",\"item\":\"https:\\\/\\\/bakemark.com\\\/fr\\\/\"},{\"@type\":\"ListItem\",\"position\":2,\"name\":\"Journ\u00e9e nationale du beignet 2026 \u00c9v\u00e9nements\"}]},{\"@type\":\"WebSite\",\"@id\":\"https:\\\/\\\/bakemark.com\\\/fr\\\/#website\",\"url\":\"https:\\\/\\\/bakemark.com\\\/fr\\\/\",\"name\":\"BakeMark\",\"description\":\"\",\"publisher\":{\"@id\":\"https:\\\/\\\/bakemark.com\\\/fr\\\/#organization\"},\"potentialAction\":[{\"@type\":\"SearchAction\",\"target\":{\"@type\":\"EntryPoint\",\"urlTemplate\":\"https:\\\/\\\/bakemark.com\\\/fr\\\/?s={search_term_string}\"},\"query-input\":{\"@type\":\"PropertyValueSpecification\",\"valueRequired\":true,\"valueName\":\"search_term_string\"}}],\"inLanguage\":\"fr-FR\"},{\"@type\":\"Organization\",\"@id\":\"https:\\\/\\\/bakemark.com\\\/fr\\\/#organization\",\"name\":\"BakeMark\",\"url\":\"https:\\\/\\\/bakemark.com\\\/fr\\\/\",\"logo\":{\"@type\":\"ImageObject\",\"inLanguage\":\"fr-FR\",\"@id\":\"https:\\\/\\\/bakemark.com\\\/fr\\\/#\\\/schema\\\/logo\\\/image\\\/\",\"url\":\"https:\\\/\\\/bakemark.com\\\/wp-content\\\/uploads\\\/2024\\\/07\\\/bakemark-logo-wht.svg\",\"contentUrl\":\"https:\\\/\\\/bakemark.com\\\/wp-content\\\/uploads\\\/2024\\\/07\\\/bakemark-logo-wht.svg\",\"width\":233,\"height\":58,\"caption\":\"BakeMark\"},\"image\":{\"@id\":\"https:\\\/\\\/bakemark.com\\\/fr\\\/#\\\/schema\\\/logo\\\/image\\\/\"}}]}<\/script>\n<!-- \/ Yoast SEO plugin. -->","yoast_head_json":{"title":"Journ\u00e9e nationale du beignet 2026 \u00c9v\u00e9nements - BakeMark","robots":{"index":"index","follow":"follow","max-snippet":"max-snippet:-1","max-image-preview":"max-image-preview:large","max-video-preview":"max-video-preview:-1"},"canonical":"https:\/\/bakemark.com\/fr\/journee-nationale-des-beignets-2025-2-2\/","og_locale":"fr_FR","og_type":"article","og_title":"Journ\u00e9e nationale du beignet 2026 \u00c9v\u00e9nements - BakeMark","og_description":"[vc_row full_width=\u00a0\u00bbstretch_row\u00a0\u00bb css=\u00a0\u00bb.vc_custom_1776373171663{background-image: url(https:\/\/bakemark.com\/wp-content\/uploads\/2026\/04\/Header_Background-scaled.png?id=7716) !important;background-position: center !important;background-repeat: no-repeat !important;background-size: cover !important;}\u00a0\u00bb][vc_column][vc_empty_space height=\u00a0\u00bb50 px\u00a0\u00bb][vc_column_text css=\u00a0\u00bb.vc_custom_1776373049308{padding-bottom: 45px !important;}\u00a0\u00bb] Trois \u00e9v\u00e9nements. Un jour. Rejoignez-nous dans tout le pays le vendredi 5 juin. [\/vc_column_text][vc_column_text css=\u00a0\u00bb.vc_custom_1776287997552{padding-bottom: 15px !important;}\u00a0\u00bb] Trouvez votre \u00e9v\u00e9nement : [\/vc_column_text][vc_empty_space height=\u00a0\u00bb50 px\u00a0\u00bb][\/vc_column][\/vc_row][vc_row full_width=\u00a0\u00bbstretch_row\u00a0\u00bb css=\u00a0\u00bb.vc_custom_1776376361840{margin-bottom: 0px !important;background-color: #E5F4FB !important;}\u00a0\u00bb wpex_bg_color=\u00a0\u00bb#e5f4fb\u00a0\u00bb el_id=\u00a0\u00bbsan-diego-ca\u00a0\u00bb][vc_column width=\u00a0\u00bb1\/2&Prime;][\/vc_column][vc_column width=\u00a0\u00bb1\/2&Prime;][vc_column_text css=\u00a0\u00bb.vc_custom_1776289316831{padding-bottom: 15px !important;}\u00a0\u00bb]C\u00e9l\u00e9brez la Journ\u00e9e&hellip;","og_url":"https:\/\/bakemark.com\/fr\/journee-nationale-des-beignets-2025-2-2\/","og_site_name":"BakeMark","article_modified_time":"2026-04-20T22:17:47+00:00","twitter_card":"summary_large_image","twitter_misc":{"Est. reading time":"5 minutes"},"schema":{"@context":"https:\/\/schema.org","@graph":[{"@type":"WebPage","@id":"https:\/\/bakemark.com\/fr\/journee-nationale-des-beignets-2025-2-2\/","url":"https:\/\/bakemark.com\/fr\/journee-nationale-des-beignets-2025-2-2\/","name":"Journ\u00e9e nationale du beignet 2026 \u00c9v\u00e9nements - BakeMark","isPartOf":{"@id":"https:\/\/bakemark.com\/fr\/#website"},"datePublished":"2026-04-16T17:06:26+00:00","dateModified":"2026-04-20T22:17:47+00:00","breadcrumb":{"@id":"https:\/\/bakemark.com\/fr\/journee-nationale-des-beignets-2025-2-2\/#breadcrumb"},"inLanguage":"fr-FR","potentialAction":[{"@type":"ReadAction","target":["https:\/\/bakemark.com\/fr\/journee-nationale-des-beignets-2025-2-2\/"]}]},{"@type":"BreadcrumbList","@id":"https:\/\/bakemark.com\/fr\/journee-nationale-des-beignets-2025-2-2\/#breadcrumb","itemListElement":[{"@type":"ListItem","position":1,"name":"Home","item":"https:\/\/bakemark.com\/fr\/"},{"@type":"ListItem","position":2,"name":"Journ\u00e9e nationale du beignet 2026 \u00c9v\u00e9nements"}]},{"@type":"WebSite","@id":"https:\/\/bakemark.com\/fr\/#website","url":"https:\/\/bakemark.com\/fr\/","name":"BakeMark","description":"","publisher":{"@id":"https:\/\/bakemark.com\/fr\/#organization"},"potentialAction":[{"@type":"SearchAction","target":{"@type":"EntryPoint","urlTemplate":"https:\/\/bakemark.com\/fr\/?s={search_term_string}"},"query-input":{"@type":"PropertyValueSpecification","valueRequired":true,"valueName":"search_term_string"}}],"inLanguage":"fr-FR"},{"@type":"Organization","@id":"https:\/\/bakemark.com\/fr\/#organization","name":"BakeMark","url":"https:\/\/bakemark.com\/fr\/","logo":{"@type":"ImageObject","inLanguage":"fr-FR","@id":"https:\/\/bakemark.com\/fr\/#\/schema\/logo\/image\/","url":"https:\/\/bakemark.com\/wp-content\/uploads\/2024\/07\/bakemark-logo-wht.svg","contentUrl":"https:\/\/bakemark.com\/wp-content\/uploads\/2024\/07\/bakemark-logo-wht.svg","width":233,"height":58,"caption":"BakeMark"},"image":{"@id":"https:\/\/bakemark.com\/fr\/#\/schema\/logo\/image\/"}}]}},"_links":{"self":[{"href":"https:\/\/bakemark.com\/fr\/wp-json\/wp\/v2\/pages\/7695","targetHints":{"allow":["GET"]}}],"collection":[{"href":"https:\/\/bakemark.com\/fr\/wp-json\/wp\/v2\/pages"}],"about":[{"href":"https:\/\/bakemark.com\/fr\/wp-json\/wp\/v2\/types\/page"}],"author":[{"embeddable":true,"href":"https:\/\/bakemark.com\/fr\/wp-json\/wp\/v2\/users\/9"}],"replies":[{"embeddable":true,"href":"https:\/\/bakemark.com\/fr\/wp-json\/wp\/v2\/comments?post=7695"}],"version-history":[{"count":0,"href":"https:\/\/bakemark.com\/fr\/wp-json\/wp\/v2\/pages\/7695\/revisions"}],"wp:attachment":[{"href":"https:\/\/bakemark.com\/fr\/wp-json\/wp\/v2\/media?parent=7695"}],"curies":[{"name":"wp","href":"https:\/\/api.w.org\/{rel}","templated":true}]}}