{"id":7694,"date":"2026-04-16T12:06:26","date_gmt":"2026-04-16T17:06:26","guid":{"rendered":"https:\/\/bakemark.com\/?page_id=7694"},"modified":"2026-04-20T17:17:47","modified_gmt":"2026-04-20T22:17:47","slug":"dia-nacional-del-donut-2025-2-2","status":"publish","type":"page","link":"https:\/\/bakemark.com\/es\/dia-nacional-del-donut-2025-2-2\/","title":{"rendered":"Eventos del D\u00eda Nacional del Donut 2026"},"content":{"rendered":"<div class=\"wpb-content-wrapper\">[vc_row full_width=\u00bbstretch_row\u00bb css=\u00bb.vc_custom_1776373171663{background-image: url(https:\/\/bakemark.com\/wp-content\/uploads\/2026\/04\/Header_Background-scaled.png?id=7716) !important;background-position: center !important;background-repeat: no-repeat !important;background-size: cover !important;}\u00bb][vc_column][vc_empty_space height=\u00bb50 px\u00bb]<style>.vcex-image.vcex_69f2808f44f79 .vcex-image-inner{max-width:700px;}.vcex-image.vcex_69f2808f44f79 .vcex-image-img{object-position:center center;}<\/style><figure class=\"vcex-image vcex-module wpex-text-center vcex_69f2808f44f79\"><div class=\"vcex-image-inner wpex-relative wpex-inline-block vc_custom_1776374182775\"><img loading=\"lazy\" class=\"vcex-image-img wpex-align-middle\" decoding=\"async\" src=\"https:\/\/bakemark.com\/wp-content\/uploads\/2026\/04\/NDD_Events-scaled-1024x441.png\" alt=\"\" srcset=\"https:\/\/bakemark.com\/wp-content\/uploads\/2026\/04\/NDD_Events-scaled-1024x441.png 1024w, https:\/\/bakemark.com\/wp-content\/uploads\/2026\/04\/NDD_Events-300x129.png 300w, https:\/\/bakemark.com\/wp-content\/uploads\/2026\/04\/NDD_Events-768x331.png 768w, https:\/\/bakemark.com\/wp-content\/uploads\/2026\/04\/NDD_Events-1536x661.png 1536w, https:\/\/bakemark.com\/wp-content\/uploads\/2026\/04\/NDD_Events-2048x881.png 2048w\" width=\"1024\" height=\"441\"><\/div><\/figure>[vc_column_text css=\u00bb.vc_custom_1776373049308{padding-bottom: 45px !important;}\u00bb]\n<h2 style=\"text-align: center;\"><span class=\"wpex-text-4xl\"><strong>Tres acontecimientos. Un d\u00eda. <\/strong><\/span><br \/>\n<span class=\"wpex-text-4xl\"><strong>\u00danete a nosotros en todo el pa\u00eds el viernes 5 de junio.<\/strong><\/span><\/h2>\n[\/vc_column_text][vc_column_text css=\u00bb.vc_custom_1776287997552{padding-bottom: 15px !important;}\u00bb]\n<h4 style=\"text-align: center;\">Encuentra tu evento:<\/h4>\n[\/vc_column_text]<div class=\"vcex-multi-buttons wpex-flex wpex-flex-wrap wpex-items-center wpex-gap-10 wpex-justify-center\"><a href=\"https:\/\/bakemark.com\/national-donut-day-2026-events\/#san-diego-ca\" class=\"theme-button flat outline-transparent wpex-text-center vcex-count-1\">San Diego, CA<\/a><a href=\"https:\/\/bakemark.com\/national-donut-day-2026-events\/#washington-dc\" class=\"theme-button flat outline-transparent wpex-text-center vcex-count-2\">Washington, DC<\/a><a href=\"https:\/\/bakemark.com\/national-donut-day-2026-events\/#los-angeles-ca\" class=\"theme-button flat outline-transparent wpex-text-center vcex-count-3\">Los Angeles, CA<\/a><\/div>[vc_empty_space height=\u00bb50 px\u00bb][\/vc_column][\/vc_row][vc_row full_width=\u00bbstretch_row\u00bb css=\u00bb.vc_custom_1776376361840{margin-bottom: 0px !important;background-color: #E5F4FB !important;}\u00bb wpex_bg_color=\u00bb#e5f4fb\u00bb el_id=\u00bbsan-diego-ca\u00bb][vc_column width=\u00bb1\/2&#8243;]<figure class=\"vcex-image vcex-module\"><div class=\"vcex-image-inner wpex-relative wpex-inline-block vc_custom_1776289296886\"><img width=\"1084\" height=\"856\" src=\"https:\/\/bakemark.com\/wp-content\/uploads\/2026\/04\/SanDiego.png\" class=\"vcex-image-img wpex-align-middle\" alt=\"\" loading=\"lazy\" decoding=\"async\" srcset=\"https:\/\/bakemark.com\/wp-content\/uploads\/2026\/04\/SanDiego.png 1084w, https:\/\/bakemark.com\/wp-content\/uploads\/2026\/04\/SanDiego-300x237.png 300w, https:\/\/bakemark.com\/wp-content\/uploads\/2026\/04\/SanDiego-1024x809.png 1024w, https:\/\/bakemark.com\/wp-content\/uploads\/2026\/04\/SanDiego-768x606.png 768w\" sizes=\"auto, (max-width: 1084px) 100vw, 1084px\" \/><\/div><\/figure>[\/vc_column][vc_column width=\u00bb1\/2&#8243;]<div class=\"vcex-spacing wpex-w-100 wpex-clear\" style=\"height:100px;\"><\/div><style>.vcex-heading.vcex_69f2808f46994{color:#982126;font-weight:700;}<\/style><h1 class=\"vcex-heading vcex-heading-plain vcex-module wpex-h2 san-diego-ca vcex_69f2808f46994\"><span class=\"vcex-heading-inner wpex-inline-block\">San Diego, CA:<br \/>\nFestival del D\u00eda Nacional del Donut<\/span><\/h1>[vc_column_text css=\u00bb.vc_custom_1776289316831{padding-bottom: 15px !important;}\u00bb]Celebra el D\u00eda Nacional del Donut en uno de los lugares m\u00e1s emblem\u00e1ticos de San Diego. \u00danete a nosotros en el paseo mar\u00edtimo del Museo USS Midway para disfrutar de un festival lleno de muestras de donuts y festejos en un entorno \u00fanico. Ven por los donuts, qu\u00e9date por la experiencia.[\/vc_column_text][vc_column_text css=\u00bb.vc_custom_1776358084396{padding-bottom: 15px !important;}\u00bb]<em>Incluye entrada gratuita para recorrer el Midway<\/em>[\/vc_column_text][vc_row_inner][vc_column_inner width=\u00bb1\/3&#8243;][vc_column_text css=\u00bb\u00bb]\n<h4 style=\"text-align: right;\">CUANDO<\/h4>\n<h4 style=\"text-align: right;\">DONDE<\/h4>\n[\/vc_column_text][\/vc_column_inner][vc_column_inner width=\u00bb2\/3&#8243;][vc_column_text css=\u00bb\u00bb]5 de junio, 12-2pm<\/p>\n<p>Museo USS Midway[\/vc_column_text][\/vc_column_inner][\/vc_row_inner][\/vc_column][vc_column][\/vc_column][\/vc_row][vc_row css=\u00bb.vc_custom_1776376439877{padding-top: 0px !important;}\u00bb el_id=\u00bbwashington-dc\u00bb][vc_column width=\u00bb1\/2&#8243;]<div class=\"vcex-spacing wpex-w-100 wpex-clear\" style=\"height:100px;\"><\/div><style>.vcex-heading.vcex_69f2808f46d55{color:#982126;font-weight:700;}<\/style><h2 class=\"vcex-heading vcex-heading-plain vcex-module wpex-h2 washington-dc vcex_69f2808f46d55\"><span class=\"vcex-heading-inner wpex-inline-block\">Washington, DC:<br \/>\nConcurso de Comer Donuts<\/span><\/h2>[vc_column_text css=\u00bb.vc_custom_1776357612679{margin-bottom: 25px !important;}\u00bb]Observa c\u00f3mo los competidores se enfrentan est\u00f3mago contra est\u00f3mago en uno de los lugares m\u00e1s emblem\u00e1ticos de DC. Es una experiencia llena de energ\u00eda en pleno centro de la ciudad: asiste para disfrutar de la acci\u00f3n.[\/vc_column_text][vc_row_inner][vc_column_inner width=\u00bb1\/3&#8243;][vc_column_text css=\u00bb\u00bb]\n<h4 style=\"text-align: right;\">CUANDO<\/h4>\n<h4 style=\"text-align: right;\">DONDE<\/h4>\n[\/vc_column_text][\/vc_column_inner][vc_column_inner width=\u00bb2\/3&#8243;][vc_column_text css=\u00bb\u00bb]5 de junio, 11:00 AM<\/p>\n<p>Plaza de la Libertad, frente al Memorial Nacional de la Primera Guerra Mundial[\/vc_column_text][\/vc_column_inner][\/vc_row_inner][\/vc_column][vc_column width=\u00bb1\/2&#8243; css=\u00bb.vc_custom_1776357703126{border-top-width: px !important;padding-top: 25px !important;}\u00bb]<figure class=\"vcex-image vcex-module\"><div class=\"vcex-image-inner wpex-relative wpex-inline-block\"><img width=\"1036\" height=\"818\" src=\"https:\/\/bakemark.com\/wp-content\/uploads\/2026\/04\/WashingtonDC.png\" class=\"vcex-image-img wpex-align-middle\" alt=\"\" loading=\"lazy\" decoding=\"async\" srcset=\"https:\/\/bakemark.com\/wp-content\/uploads\/2026\/04\/WashingtonDC.png 1036w, https:\/\/bakemark.com\/wp-content\/uploads\/2026\/04\/WashingtonDC-300x237.png 300w, https:\/\/bakemark.com\/wp-content\/uploads\/2026\/04\/WashingtonDC-1024x809.png 1024w, https:\/\/bakemark.com\/wp-content\/uploads\/2026\/04\/WashingtonDC-768x606.png 768w\" sizes=\"auto, (max-width: 1036px) 100vw, 1036px\" \/><\/div><\/figure>[\/vc_column][\/vc_row][vc_row full_width=\u00bbstretch_row\u00bb css=\u00bb.vc_custom_1776376449309{margin-bottom: 25px !important;background-color: #E5F4FB !important;}\u00bb wpex_bg_color=\u00bb#e5f4fb\u00bb el_id=\u00bblos-angeles-ca\u00bb][vc_column width=\u00bb1\/2&#8243;]<div class=\"vcex-spacing wpex-w-100 wpex-clear\" style=\"height:100px;\"><\/div><figure class=\"vcex-image vcex-module\"><div class=\"vcex-image-inner wpex-relative wpex-inline-block vc_custom_1776723447038\"><img width=\"1036\" height=\"818\" src=\"https:\/\/bakemark.com\/wp-content\/uploads\/2026\/04\/LosAngeles.png\" class=\"vcex-image-img wpex-align-middle\" alt=\"\" loading=\"lazy\" decoding=\"async\" srcset=\"https:\/\/bakemark.com\/wp-content\/uploads\/2026\/04\/LosAngeles.png 1036w, https:\/\/bakemark.com\/wp-content\/uploads\/2026\/04\/LosAngeles-300x237.png 300w, https:\/\/bakemark.com\/wp-content\/uploads\/2026\/04\/LosAngeles-1024x809.png 1024w, https:\/\/bakemark.com\/wp-content\/uploads\/2026\/04\/LosAngeles-768x606.png 768w\" sizes=\"auto, (max-width: 1036px) 100vw, 1036px\" \/><\/div><\/figure>[\/vc_column][vc_column width=\u00bb1\/2&#8243;]<div class=\"vcex-spacing wpex-w-100 wpex-clear\" style=\"height:100px;\"><\/div><style>.vcex-heading.vcex_69f2808f479f9{color:#982126;font-weight:700;}<\/style><h3 class=\"vcex-heading vcex-heading-plain vcex-module wpex-h2 los-angeles-ca vcex_69f2808f479f9\"><span class=\"vcex-heading-inner wpex-inline-block\">Los Angeles, CA:<br \/>\nGira del Donut de la Gratitud<\/span><\/h3>[vc_column_text css=\u00bb.vc_custom_1776375567098{padding-bottom: 15px !important;}\u00bb]Un peque\u00f1o gesto puede significar mucho. Acomp\u00e1\u00f1anos a visitar a los veteranos y primeros intervinientes de los condados de Los \u00c1ngeles y Orange, compartiendo donuts como una forma sencilla de dar las gracias. Participa en un momento de agradecimiento que importa.[\/vc_column_text][vc_row_inner][vc_column_inner width=\u00bb1\/3&#8243;][vc_column_text css=\u00bb\u00bb]\n<h4 style=\"text-align: right;\">CUANDO<\/h4>\n<h4 style=\"text-align: right;\">DONDE<\/h4>\n[\/vc_column_text][\/vc_column_inner][vc_column_inner width=\u00bb2\/3&#8243;][vc_column_text css=\u00bb\u00bb]5 de junio, comenzando a las 9:00 AM<\/p>\n<p>Hospital de Veteranos de Long Beach, continuando por las estaciones de bomberos y polic\u00eda de los condados de LA y Orange, y los Centros de Veteranos del Ej\u00e9rcito de Salvaci\u00f3n[\/vc_column_text][\/vc_column_inner][\/vc_row_inner][\/vc_column][\/vc_row][vc_row css=\u00bb.vc_custom_1774984682336{padding-bottom: 15px !important;}\u00bb][vc_column width=\u00bb1\/2&#8243;]<div class=\"vcex-spacing wpex-w-100 wpex-clear\" style=\"height:75px;\"><\/div><style>.vcex-heading.vcex_69f2808f47d80{color:#982126;font-weight:700;}<\/style><div class=\"vcex-heading vcex-heading-plain vcex-module wpex-h2 vcex_69f2808f47d80\"><span class=\"vcex-heading-inner wpex-inline-block\">\u00bfQu\u00e9 es el D\u00eda Nacional del Donut?<\/span><\/div>[vc_column_text css=\u00bb\u00bb]El D\u00eda Nacional del Donut honra a los miembros del Ej\u00e9rcito de Salvaci\u00f3n que sirvieron donuts a los soldados durante la Primera Guerra Mundial. Esa herencia de compasi\u00f3n contin\u00faa hoy, cuando celebramos la generosidad e invitamos a todos a compartir mensajes significativos.[\/vc_column_text]<div class=\"vcex-spacing wpex-w-100 wpex-clear\" style=\"height:30px;\"><\/div><a href=\"https:\/\/www.salvationarmyusa.org\/usa-central-territory\/salvation-army-donut-day\/\" class=\"vcex-button theme-button inline\" target=\"_blank\" rel=\"noopener noreferrer\"><span class=\"vcex-button-inner theme-button-inner wpex-flex wpex-flex-wrap wpex-items-center wpex-justify-center\">Ver m\u00e1s detalles e historia<\/span><\/a> [\/vc_column][vc_column width=\u00bb1\/2&#8243;]<figure class=\"vcex-image vcex-module\"><div class=\"vcex-image-inner wpex-relative wpex-inline-block\"><img width=\"840\" height=\"630\" src=\"https:\/\/bakemark.com\/wp-content\/uploads\/2026\/04\/SalvationArmy_Image.png\" class=\"vcex-image-img wpex-align-middle\" alt=\"\" loading=\"lazy\" decoding=\"async\" srcset=\"https:\/\/bakemark.com\/wp-content\/uploads\/2026\/04\/SalvationArmy_Image.png 840w, https:\/\/bakemark.com\/wp-content\/uploads\/2026\/04\/SalvationArmy_Image-300x225.png 300w, https:\/\/bakemark.com\/wp-content\/uploads\/2026\/04\/SalvationArmy_Image-768x576.png 768w\" sizes=\"auto, (max-width: 840px) 100vw, 840px\" \/><\/div><\/figure>[\/vc_column][\/vc_row][vc_row][vc_column][vc_empty_space][\/vc_column][\/vc_row][vc_row][vc_column width=\u00bb1\/4&#8243;][vc_empty_space][\/vc_column][vc_column width=\u00bb1\/2&#8243;]<figure class=\"vcex-image vcex-module\"><div class=\"vcex-image-inner wpex-relative wpex-inline-block\"><img width=\"9999\" height=\"88\" src=\"https:\/\/bakemark.com\/wp-content\/uploads\/2024\/07\/bakemark-logo-red.svg\" class=\"vcex-image-img wpex-align-middle\" alt=\"\" loading=\"lazy\" decoding=\"async\" \/><\/div><\/figure>[\/vc_column][vc_column width=\u00bb1\/4&#8243;][vc_empty_space][\/vc_column][\/vc_row]\n<\/div>","protected":false},"excerpt":{"rendered":"<p>[vc_row full_width=\u00bbstretch_row\u00bb css=\u00bb.vc_custom_1776373171663{background-image: url(https:\/\/bakemark.com\/wp-content\/uploads\/2026\/04\/Header_Background-scaled.png?id=7716) !important;background-position: center !important;background-repeat: no-repeat !important;background-size: cover !important;}\u00bb][vc_column][vc_empty_space height=\u00bb50 px\u00bb][vc_column_text css=\u00bb.vc_custom_1776373049308{padding-bottom: 45px !important;}\u00bb] Tres acontecimientos. Un d\u00eda. \u00danete a nosotros en todo el pa\u00eds el viernes 5 de junio. [\/vc_column_text][vc_column_text css=\u00bb.vc_custom_1776287997552{padding-bottom: 15px !important;}\u00bb] Encuentra tu evento: [\/vc_column_text][vc_empty_space height=\u00bb50 px\u00bb][\/vc_column][\/vc_row][vc_row full_width=\u00bbstretch_row\u00bb css=\u00bb.vc_custom_1776376361840{margin-bottom: 0px !important;background-color: #E5F4FB !important;}\u00bb wpex_bg_color=\u00bb#e5f4fb\u00bb el_id=\u00bbsan-diego-ca\u00bb][vc_column width=\u00bb1\/2&#8243;][\/vc_column][vc_column width=\u00bb1\/2&#8243;][vc_column_text css=\u00bb.vc_custom_1776289316831{padding-bottom: 15px !important;}\u00bb]Celebra&hellip;<\/p>\n","protected":false},"author":9,"featured_media":0,"parent":0,"menu_order":0,"comment_status":"closed","ping_status":"closed","template":"","meta":{"_acf_changed":false,"content-type":"","footnotes":""},"class_list":["post-7694","page","type-page","status-publish","hentry","entry","no-media"],"acf":[],"yoast_head":"<!-- This site is optimized with the Yoast SEO plugin v27.4 - https:\/\/yoast.com\/product\/yoast-seo-wordpress\/ -->\n<title>Eventos del D\u00eda Nacional del Donut 2026 - BakeMark<\/title>\n<meta name=\"robots\" content=\"index, follow, max-snippet:-1, max-image-preview:large, max-video-preview:-1\" \/>\n<link rel=\"canonical\" href=\"https:\/\/bakemark.com\/es\/dia-nacional-del-donut-2025-2-2\/\" \/>\n<meta property=\"og:locale\" content=\"es_ES\" \/>\n<meta property=\"og:type\" content=\"article\" \/>\n<meta property=\"og:title\" content=\"Eventos del D\u00eda Nacional del Donut 2026 - BakeMark\" \/>\n<meta property=\"og:description\" content=\"[vc_row full_width=\u00bbstretch_row\u00bb css=\u00bb.vc_custom_1776373171663{background-image: url(https:\/\/bakemark.com\/wp-content\/uploads\/2026\/04\/Header_Background-scaled.png?id=7716) !important;background-position: center !important;background-repeat: no-repeat !important;background-size: cover !important;}\u00bb][vc_column][vc_empty_space height=\u00bb50 px\u00bb][vc_column_text css=\u00bb.vc_custom_1776373049308{padding-bottom: 45px !important;}\u00bb] Tres acontecimientos. Un d\u00eda. \u00danete a nosotros en todo el pa\u00eds el viernes 5 de junio. [\/vc_column_text][vc_column_text css=\u00bb.vc_custom_1776287997552{padding-bottom: 15px !important;}\u00bb] Encuentra tu evento: [\/vc_column_text][vc_empty_space height=\u00bb50 px\u00bb][\/vc_column][\/vc_row][vc_row full_width=\u00bbstretch_row\u00bb css=\u00bb.vc_custom_1776376361840{margin-bottom: 0px !important;background-color: #E5F4FB !important;}\u00bb wpex_bg_color=\u00bb#e5f4fb\u00bb el_id=\u00bbsan-diego-ca\u00bb][vc_column width=\u00bb1\/2&#8243;][\/vc_column][vc_column width=\u00bb1\/2&#8243;][vc_column_text css=\u00bb.vc_custom_1776289316831{padding-bottom: 15px !important;}\u00bb]Celebra&hellip;\" \/>\n<meta property=\"og:url\" content=\"https:\/\/bakemark.com\/es\/dia-nacional-del-donut-2025-2-2\/\" \/>\n<meta property=\"og:site_name\" content=\"BakeMark\" \/>\n<meta property=\"article:modified_time\" content=\"2026-04-20T22:17:47+00:00\" \/>\n<meta name=\"twitter:card\" content=\"summary_large_image\" \/>\n<meta name=\"twitter:label1\" content=\"Est. reading time\" \/>\n\t<meta name=\"twitter:data1\" content=\"5 minutos\" \/>\n<script type=\"application\/ld+json\" class=\"yoast-schema-graph\">{\"@context\":\"https:\\\/\\\/schema.org\",\"@graph\":[{\"@type\":\"WebPage\",\"@id\":\"https:\\\/\\\/bakemark.com\\\/es\\\/dia-nacional-del-donut-2025-2-2\\\/\",\"url\":\"https:\\\/\\\/bakemark.com\\\/es\\\/dia-nacional-del-donut-2025-2-2\\\/\",\"name\":\"Eventos del D\u00eda Nacional del Donut 2026 - BakeMark\",\"isPartOf\":{\"@id\":\"https:\\\/\\\/bakemark.com\\\/es\\\/#website\"},\"datePublished\":\"2026-04-16T17:06:26+00:00\",\"dateModified\":\"2026-04-20T22:17:47+00:00\",\"breadcrumb\":{\"@id\":\"https:\\\/\\\/bakemark.com\\\/es\\\/dia-nacional-del-donut-2025-2-2\\\/#breadcrumb\"},\"inLanguage\":\"es\",\"potentialAction\":[{\"@type\":\"ReadAction\",\"target\":[\"https:\\\/\\\/bakemark.com\\\/es\\\/dia-nacional-del-donut-2025-2-2\\\/\"]}]},{\"@type\":\"BreadcrumbList\",\"@id\":\"https:\\\/\\\/bakemark.com\\\/es\\\/dia-nacional-del-donut-2025-2-2\\\/#breadcrumb\",\"itemListElement\":[{\"@type\":\"ListItem\",\"position\":1,\"name\":\"Home\",\"item\":\"https:\\\/\\\/bakemark.com\\\/es\\\/\"},{\"@type\":\"ListItem\",\"position\":2,\"name\":\"Eventos del D\u00eda Nacional del Donut 2026\"}]},{\"@type\":\"WebSite\",\"@id\":\"https:\\\/\\\/bakemark.com\\\/es\\\/#website\",\"url\":\"https:\\\/\\\/bakemark.com\\\/es\\\/\",\"name\":\"BakeMark\",\"description\":\"\",\"publisher\":{\"@id\":\"https:\\\/\\\/bakemark.com\\\/es\\\/#organization\"},\"potentialAction\":[{\"@type\":\"SearchAction\",\"target\":{\"@type\":\"EntryPoint\",\"urlTemplate\":\"https:\\\/\\\/bakemark.com\\\/es\\\/?s={search_term_string}\"},\"query-input\":{\"@type\":\"PropertyValueSpecification\",\"valueRequired\":true,\"valueName\":\"search_term_string\"}}],\"inLanguage\":\"es\"},{\"@type\":\"Organization\",\"@id\":\"https:\\\/\\\/bakemark.com\\\/es\\\/#organization\",\"name\":\"BakeMark\",\"url\":\"https:\\\/\\\/bakemark.com\\\/es\\\/\",\"logo\":{\"@type\":\"ImageObject\",\"inLanguage\":\"es\",\"@id\":\"https:\\\/\\\/bakemark.com\\\/es\\\/#\\\/schema\\\/logo\\\/image\\\/\",\"url\":\"https:\\\/\\\/bakemark.com\\\/wp-content\\\/uploads\\\/2024\\\/07\\\/bakemark-logo-wht.svg\",\"contentUrl\":\"https:\\\/\\\/bakemark.com\\\/wp-content\\\/uploads\\\/2024\\\/07\\\/bakemark-logo-wht.svg\",\"width\":233,\"height\":58,\"caption\":\"BakeMark\"},\"image\":{\"@id\":\"https:\\\/\\\/bakemark.com\\\/es\\\/#\\\/schema\\\/logo\\\/image\\\/\"}}]}<\/script>\n<!-- \/ Yoast SEO plugin. -->","yoast_head_json":{"title":"Eventos del D\u00eda Nacional del Donut 2026 - BakeMark","robots":{"index":"index","follow":"follow","max-snippet":"max-snippet:-1","max-image-preview":"max-image-preview:large","max-video-preview":"max-video-preview:-1"},"canonical":"https:\/\/bakemark.com\/es\/dia-nacional-del-donut-2025-2-2\/","og_locale":"es_ES","og_type":"article","og_title":"Eventos del D\u00eda Nacional del Donut 2026 - BakeMark","og_description":"[vc_row full_width=\u00bbstretch_row\u00bb css=\u00bb.vc_custom_1776373171663{background-image: url(https:\/\/bakemark.com\/wp-content\/uploads\/2026\/04\/Header_Background-scaled.png?id=7716) !important;background-position: center !important;background-repeat: no-repeat !important;background-size: cover !important;}\u00bb][vc_column][vc_empty_space height=\u00bb50 px\u00bb][vc_column_text css=\u00bb.vc_custom_1776373049308{padding-bottom: 45px !important;}\u00bb] Tres acontecimientos. Un d\u00eda. \u00danete a nosotros en todo el pa\u00eds el viernes 5 de junio. [\/vc_column_text][vc_column_text css=\u00bb.vc_custom_1776287997552{padding-bottom: 15px !important;}\u00bb] Encuentra tu evento: [\/vc_column_text][vc_empty_space height=\u00bb50 px\u00bb][\/vc_column][\/vc_row][vc_row full_width=\u00bbstretch_row\u00bb css=\u00bb.vc_custom_1776376361840{margin-bottom: 0px !important;background-color: #E5F4FB !important;}\u00bb wpex_bg_color=\u00bb#e5f4fb\u00bb el_id=\u00bbsan-diego-ca\u00bb][vc_column width=\u00bb1\/2&#8243;][\/vc_column][vc_column width=\u00bb1\/2&#8243;][vc_column_text css=\u00bb.vc_custom_1776289316831{padding-bottom: 15px !important;}\u00bb]Celebra&hellip;","og_url":"https:\/\/bakemark.com\/es\/dia-nacional-del-donut-2025-2-2\/","og_site_name":"BakeMark","article_modified_time":"2026-04-20T22:17:47+00:00","twitter_card":"summary_large_image","twitter_misc":{"Est. reading time":"5 minutos"},"schema":{"@context":"https:\/\/schema.org","@graph":[{"@type":"WebPage","@id":"https:\/\/bakemark.com\/es\/dia-nacional-del-donut-2025-2-2\/","url":"https:\/\/bakemark.com\/es\/dia-nacional-del-donut-2025-2-2\/","name":"Eventos del D\u00eda Nacional del Donut 2026 - BakeMark","isPartOf":{"@id":"https:\/\/bakemark.com\/es\/#website"},"datePublished":"2026-04-16T17:06:26+00:00","dateModified":"2026-04-20T22:17:47+00:00","breadcrumb":{"@id":"https:\/\/bakemark.com\/es\/dia-nacional-del-donut-2025-2-2\/#breadcrumb"},"inLanguage":"es","potentialAction":[{"@type":"ReadAction","target":["https:\/\/bakemark.com\/es\/dia-nacional-del-donut-2025-2-2\/"]}]},{"@type":"BreadcrumbList","@id":"https:\/\/bakemark.com\/es\/dia-nacional-del-donut-2025-2-2\/#breadcrumb","itemListElement":[{"@type":"ListItem","position":1,"name":"Home","item":"https:\/\/bakemark.com\/es\/"},{"@type":"ListItem","position":2,"name":"Eventos del D\u00eda Nacional del Donut 2026"}]},{"@type":"WebSite","@id":"https:\/\/bakemark.com\/es\/#website","url":"https:\/\/bakemark.com\/es\/","name":"BakeMark","description":"","publisher":{"@id":"https:\/\/bakemark.com\/es\/#organization"},"potentialAction":[{"@type":"SearchAction","target":{"@type":"EntryPoint","urlTemplate":"https:\/\/bakemark.com\/es\/?s={search_term_string}"},"query-input":{"@type":"PropertyValueSpecification","valueRequired":true,"valueName":"search_term_string"}}],"inLanguage":"es"},{"@type":"Organization","@id":"https:\/\/bakemark.com\/es\/#organization","name":"BakeMark","url":"https:\/\/bakemark.com\/es\/","logo":{"@type":"ImageObject","inLanguage":"es","@id":"https:\/\/bakemark.com\/es\/#\/schema\/logo\/image\/","url":"https:\/\/bakemark.com\/wp-content\/uploads\/2024\/07\/bakemark-logo-wht.svg","contentUrl":"https:\/\/bakemark.com\/wp-content\/uploads\/2024\/07\/bakemark-logo-wht.svg","width":233,"height":58,"caption":"BakeMark"},"image":{"@id":"https:\/\/bakemark.com\/es\/#\/schema\/logo\/image\/"}}]}},"_links":{"self":[{"href":"https:\/\/bakemark.com\/es\/wp-json\/wp\/v2\/pages\/7694","targetHints":{"allow":["GET"]}}],"collection":[{"href":"https:\/\/bakemark.com\/es\/wp-json\/wp\/v2\/pages"}],"about":[{"href":"https:\/\/bakemark.com\/es\/wp-json\/wp\/v2\/types\/page"}],"author":[{"embeddable":true,"href":"https:\/\/bakemark.com\/es\/wp-json\/wp\/v2\/users\/9"}],"replies":[{"embeddable":true,"href":"https:\/\/bakemark.com\/es\/wp-json\/wp\/v2\/comments?post=7694"}],"version-history":[{"count":0,"href":"https:\/\/bakemark.com\/es\/wp-json\/wp\/v2\/pages\/7694\/revisions"}],"wp:attachment":[{"href":"https:\/\/bakemark.com\/es\/wp-json\/wp\/v2\/media?parent=7694"}],"curies":[{"name":"wp","href":"https:\/\/api.w.org\/{rel}","templated":true}]}}